{"id":10,"date":"2016-05-25T18:11:16","date_gmt":"2016-05-25T16:11:16","guid":{"rendered":"https:\/\/herzogfriedrich.wordpress.com\/?page_id=10"},"modified":"2025-09-18T09:03:27","modified_gmt":"2025-09-18T07:03:27","slug":"cafe-garten","status":"publish","type":"page","link":"https:\/\/herzog-friedrich.de\/da\/cafe-garten\/","title":{"rendered":"Garten"},"content":{"rendered":"<p><div id=\"gallery-2\" data-slideshowSpeed=\"2500\"  class=\"gallery-photo-box gallery-photos-box gallery galleryid-10 gallery-columns-5 clearfix\"><div class=\"gallery-row clearfix\"><div class=\"gallery-image gallery-image-1 gallery-image-i-1\"><a class=\"photobox\" rel=\"gallery2\" title=\"Der Engel in unserem Garten\" href=\"http:\/\/herzog-friedrich.de\/wp-content\/uploads\/2016\/06\/9.jpg\"><img loading=\"lazy\" decoding=\"async\" width=\"135\" height=\"135\" src=\"https:\/\/herzog-friedrich.de\/wp-content\/uploads\/2016\/06\/9-150x150.jpg\" class=\"attachment-thumbnail size-thumbnail\" alt=\"\" \/><\/a><\/div><div class=\"gallery-image gallery-image-2 gallery-image-i-2\"><a class=\"photobox\" rel=\"gallery2\" title=\"familien-hotel\" href=\"http:\/\/herzog-friedrich.de\/wp-content\/uploads\/2016\/05\/familien-hotel.jpg\"><img loading=\"lazy\" decoding=\"async\" width=\"135\" height=\"135\" src=\"https:\/\/herzog-friedrich.de\/wp-content\/uploads\/2016\/05\/familien-hotel-150x150.jpg\" class=\"attachment-thumbnail size-thumbnail\" alt=\"\" \/><\/a><\/div><br style=\"clear:both;\" \/><\/div><\/div><\/p>\n<p align=\"left\"><strong>En gr\u00f8n oase<\/strong><\/p>\n<p>I\u00a0 Hotel Herzog Friedrichs vindbestyttede solrige g\u00e5rdhave, finder De mange blomster, urter og nostalgiske dekorationer.<\/p>\n<p>I sommerm\u00e5nederne indbyder g\u00e5rdhaven til at nyde morgenmaden til fuglesang i morgensolen.<\/p>\n<p>Lad sj\u00e6len slappe af i en strandstol midt i byen og nyd en kop kaffe eller te med hjemmelbagte vafler.<\/p>\n<p>Vi\u00a0 overraske Dem ogs\u00e5 gerne med huset specialiteter!<\/p>","protected":false},"excerpt":{"rendered":"<p>En gr\u00f8n oase I\u00a0 Hotel Herzog Friedrichs vindbestyttede solrige g\u00e5rdhave, finder De mange blomster, urter og nostalgiske dekorationer. I sommerm\u00e5nederne indbyder g\u00e5rdhaven til at nyde morgenmaden til fuglesang i morgensolen. Lad sj\u00e6len slappe af i en strandstol midt i byen og nyd en kop kaffe eller te med hjemmelbagte vafler. Vi\u00a0 overraske Dem ogs\u00e5 gerne [&hellip;]<\/p>\n","protected":false},"author":1,"featured_media":13,"parent":0,"menu_order":0,"comment_status":"closed","ping_status":"closed","template":"fullwidth-page.php","meta":{"footnotes":""},"class_list":["post-10","page","type-page","status-publish","has-post-thumbnail","hentry"],"yoast_head":"<!-- This site is optimized with the Yoast SEO plugin v25.9 - https:\/\/yoast.com\/wordpress\/plugins\/seo\/ -->\n<title>Garten Oase \u2013 Hotel Herzog Friedrich<\/title>\n<meta name=\"description\" content=\"(Deutsch) Entdecken Sie unsere gr\u00fcne Oase hinter dem Haus \u2013 Garten mit Strandkorb &amp; Ruhepl\u00e4tzen \u2013 Ihr entspannter R\u00fcckzugsort in Friedrichstadt.\" \/>\n<meta name=\"robots\" content=\"index, follow, max-snippet:-1, max-image-preview:large, max-video-preview:-1\" \/>\n<link rel=\"canonical\" href=\"https:\/\/herzog-friedrich.de\/cafe-garten\/\" \/>\n<meta property=\"og:locale\" content=\"da_DK\" \/>\n<meta property=\"og:type\" content=\"article\" \/>\n<meta property=\"og:title\" content=\"Garten Oase \u2013 Hotel Herzog Friedrich\" \/>\n<meta property=\"og:description\" content=\"{:de}Entdecken Sie unsere gr\u00fcne Oase hinter dem Haus \u2013 Garten mit Strandkorb &amp; Ruhepl\u00e4tzen \u2013 Ihr entspannter R\u00fcckzugsort in Friedrichstadt.{:}\" \/>\n<meta property=\"og:url\" content=\"https:\/\/herzog-friedrich.de\/cafe-garten\/\" \/>\n<meta property=\"og:site_name\" content=\"Hotel Herzog Friedrich\" \/>\n<meta property=\"article:modified_time\" content=\"2025-09-18T07:03:27+00:00\" \/>\n<meta property=\"og:image\" content=\"https:\/\/herzog-friedrich.de\/wp-content\/uploads\/2016\/05\/garten.jpeg\" \/>\n\t<meta property=\"og:image:width\" content=\"1920\" \/>\n\t<meta property=\"og:image:height\" content=\"1080\" \/>\n\t<meta property=\"og:image:type\" content=\"image\/jpeg\" \/>\n<meta name=\"twitter:card\" content=\"summary_large_image\" \/>\n<meta name=\"twitter:label1\" content=\"Estimeret l\u00e6setid\" \/>\n\t<meta name=\"twitter:data1\" content=\"1 minut\" \/>\n<script type=\"application\/ld+json\" class=\"yoast-schema-graph\">{\"@context\":\"https:\/\/schema.org\",\"@graph\":[{\"@type\":\"Article\",\"@id\":\"https:\/\/herzog-friedrich.de\/cafe-garten\/#article\",\"isPartOf\":{\"@id\":\"https:\/\/herzog-friedrich.de\/cafe-garten\/\"},\"author\":{\"name\":\"ahrens@new-media-works.de\",\"@id\":\"https:\/\/herzog-friedrich.de\/#\/schema\/person\/9395c5f931a823c1845ff65b42f30d12\"},\"headline\":\"Garten\",\"datePublished\":\"2016-05-25T16:11:16+00:00\",\"dateModified\":\"2025-09-18T07:03:27+00:00\",\"mainEntityOfPage\":{\"@id\":\"https:\/\/herzog-friedrich.de\/cafe-garten\/\"},\"wordCount\":296,\"publisher\":{\"@id\":\"https:\/\/herzog-friedrich.de\/#organization\"},\"image\":{\"@id\":\"https:\/\/herzog-friedrich.de\/cafe-garten\/#primaryimage\"},\"thumbnailUrl\":\"https:\/\/herzog-friedrich.de\/wp-content\/uploads\/2016\/05\/garten.jpeg\",\"inLanguage\":\"da-DK\"},{\"@type\":\"WebPage\",\"@id\":\"https:\/\/herzog-friedrich.de\/cafe-garten\/\",\"url\":\"https:\/\/herzog-friedrich.de\/cafe-garten\/\",\"name\":\"Garten Oase \u2013 Hotel Herzog Friedrich\",\"isPartOf\":{\"@id\":\"https:\/\/herzog-friedrich.de\/#website\"},\"primaryImageOfPage\":{\"@id\":\"https:\/\/herzog-friedrich.de\/cafe-garten\/#primaryimage\"},\"image\":{\"@id\":\"https:\/\/herzog-friedrich.de\/cafe-garten\/#primaryimage\"},\"thumbnailUrl\":\"https:\/\/herzog-friedrich.de\/wp-content\/uploads\/2016\/05\/garten.jpeg\",\"datePublished\":\"2016-05-25T16:11:16+00:00\",\"dateModified\":\"2025-09-18T07:03:27+00:00\",\"description\":\"{:de}Entdecken Sie unsere gr\u00fcne Oase hinter dem Haus \u2013 Garten mit Strandkorb & Ruhepl\u00e4tzen \u2013 Ihr entspannter R\u00fcckzugsort in Friedrichstadt.{:}\",\"breadcrumb\":{\"@id\":\"https:\/\/herzog-friedrich.de\/cafe-garten\/#breadcrumb\"},\"inLanguage\":\"da-DK\",\"potentialAction\":[{\"@type\":\"ReadAction\",\"target\":[\"https:\/\/herzog-friedrich.de\/cafe-garten\/\"]}]},{\"@type\":\"ImageObject\",\"inLanguage\":\"da-DK\",\"@id\":\"https:\/\/herzog-friedrich.de\/cafe-garten\/#primaryimage\",\"url\":\"https:\/\/herzog-friedrich.de\/wp-content\/uploads\/2016\/05\/garten.jpeg\",\"contentUrl\":\"https:\/\/herzog-friedrich.de\/wp-content\/uploads\/2016\/05\/garten.jpeg\",\"width\":1920,\"height\":1080},{\"@type\":\"BreadcrumbList\",\"@id\":\"https:\/\/herzog-friedrich.de\/cafe-garten\/#breadcrumb\",\"itemListElement\":[{\"@type\":\"ListItem\",\"position\":1,\"name\":\"Startseite\",\"item\":\"https:\/\/herzog-friedrich.de\/\"},{\"@type\":\"ListItem\",\"position\":2,\"name\":\"Garten\"}]},{\"@type\":\"WebSite\",\"@id\":\"https:\/\/herzog-friedrich.de\/#website\",\"url\":\"https:\/\/herzog-friedrich.de\/\",\"name\":\"Hotel Herzog Friedrich\",\"description\":\"&quot;Det er alt g\u00e6stfrihed dybeste betyder, at vi giver p\u00e5 vej til den evige hjemmeholdets fangst.&quot;\",\"publisher\":{\"@id\":\"https:\/\/herzog-friedrich.de\/#organization\"},\"potentialAction\":[{\"@type\":\"SearchAction\",\"target\":{\"@type\":\"EntryPoint\",\"urlTemplate\":\"https:\/\/herzog-friedrich.de\/?s={search_term_string}\"},\"query-input\":{\"@type\":\"PropertyValueSpecification\",\"valueRequired\":true,\"valueName\":\"search_term_string\"}}],\"inLanguage\":\"da-DK\"},{\"@type\":\"Organization\",\"@id\":\"https:\/\/herzog-friedrich.de\/#organization\",\"name\":\"Hotel Herzog Friedrich\",\"url\":\"https:\/\/herzog-friedrich.de\/\",\"logo\":{\"@type\":\"ImageObject\",\"inLanguage\":\"da-DK\",\"@id\":\"https:\/\/herzog-friedrich.de\/#\/schema\/logo\/image\/\",\"url\":\"https:\/\/herzog-friedrich.de\/wp-content\/uploads\/2016\/05\/cropped-hotel-herzog-friedrich-1.png\",\"contentUrl\":\"https:\/\/herzog-friedrich.de\/wp-content\/uploads\/2016\/05\/cropped-hotel-herzog-friedrich-1.png\",\"width\":145,\"height\":202,\"caption\":\"Hotel Herzog Friedrich\"},\"image\":{\"@id\":\"https:\/\/herzog-friedrich.de\/#\/schema\/logo\/image\/\"}},{\"@type\":\"Person\",\"@id\":\"https:\/\/herzog-friedrich.de\/#\/schema\/person\/9395c5f931a823c1845ff65b42f30d12\",\"name\":\"ahrens@new-media-works.de\",\"url\":\"https:\/\/herzog-friedrich.de\/da\/author\/admin_nmw\/\"}]}<\/script>\n<!-- \/ Yoast SEO plugin. -->","yoast_head_json":{"title":"Garten Oase \u2013 Hotel Herzog Friedrich","description":"(Deutsch) Entdecken Sie unsere gr\u00fcne Oase hinter dem Haus \u2013 Garten mit Strandkorb & Ruhepl\u00e4tzen \u2013 Ihr entspannter R\u00fcckzugsort in Friedrichstadt.","robots":{"index":"index","follow":"follow","max-snippet":"max-snippet:-1","max-image-preview":"max-image-preview:large","max-video-preview":"max-video-preview:-1"},"canonical":"https:\/\/herzog-friedrich.de\/cafe-garten\/","og_locale":"da_DK","og_type":"article","og_title":"Garten Oase \u2013 Hotel Herzog Friedrich","og_description":"{:de}Entdecken Sie unsere gr\u00fcne Oase hinter dem Haus \u2013 Garten mit Strandkorb & Ruhepl\u00e4tzen \u2013 Ihr entspannter R\u00fcckzugsort in Friedrichstadt.{:}","og_url":"https:\/\/herzog-friedrich.de\/cafe-garten\/","og_site_name":"Hotel Herzog Friedrich","article_modified_time":"2025-09-18T07:03:27+00:00","og_image":[{"width":1920,"height":1080,"url":"https:\/\/herzog-friedrich.de\/wp-content\/uploads\/2016\/05\/garten.jpeg","type":"image\/jpeg"}],"twitter_card":"summary_large_image","twitter_misc":{"Estimeret l\u00e6setid":"1 minut"},"schema":{"@context":"https:\/\/schema.org","@graph":[{"@type":"Article","@id":"https:\/\/herzog-friedrich.de\/cafe-garten\/#article","isPartOf":{"@id":"https:\/\/herzog-friedrich.de\/cafe-garten\/"},"author":{"name":"ahrens@new-media-works.de","@id":"https:\/\/herzog-friedrich.de\/#\/schema\/person\/9395c5f931a823c1845ff65b42f30d12"},"headline":"Garten","datePublished":"2016-05-25T16:11:16+00:00","dateModified":"2025-09-18T07:03:27+00:00","mainEntityOfPage":{"@id":"https:\/\/herzog-friedrich.de\/cafe-garten\/"},"wordCount":296,"publisher":{"@id":"https:\/\/herzog-friedrich.de\/#organization"},"image":{"@id":"https:\/\/herzog-friedrich.de\/cafe-garten\/#primaryimage"},"thumbnailUrl":"https:\/\/herzog-friedrich.de\/wp-content\/uploads\/2016\/05\/garten.jpeg","inLanguage":"da-DK"},{"@type":"WebPage","@id":"https:\/\/herzog-friedrich.de\/cafe-garten\/","url":"https:\/\/herzog-friedrich.de\/cafe-garten\/","name":"Garten Oase \u2013 Hotel Herzog Friedrich","isPartOf":{"@id":"https:\/\/herzog-friedrich.de\/#website"},"primaryImageOfPage":{"@id":"https:\/\/herzog-friedrich.de\/cafe-garten\/#primaryimage"},"image":{"@id":"https:\/\/herzog-friedrich.de\/cafe-garten\/#primaryimage"},"thumbnailUrl":"https:\/\/herzog-friedrich.de\/wp-content\/uploads\/2016\/05\/garten.jpeg","datePublished":"2016-05-25T16:11:16+00:00","dateModified":"2025-09-18T07:03:27+00:00","description":"{:de}Entdecken Sie unsere gr\u00fcne Oase hinter dem Haus \u2013 Garten mit Strandkorb & Ruhepl\u00e4tzen \u2013 Ihr entspannter R\u00fcckzugsort in Friedrichstadt.{:}","breadcrumb":{"@id":"https:\/\/herzog-friedrich.de\/cafe-garten\/#breadcrumb"},"inLanguage":"da-DK","potentialAction":[{"@type":"ReadAction","target":["https:\/\/herzog-friedrich.de\/cafe-garten\/"]}]},{"@type":"ImageObject","inLanguage":"da-DK","@id":"https:\/\/herzog-friedrich.de\/cafe-garten\/#primaryimage","url":"https:\/\/herzog-friedrich.de\/wp-content\/uploads\/2016\/05\/garten.jpeg","contentUrl":"https:\/\/herzog-friedrich.de\/wp-content\/uploads\/2016\/05\/garten.jpeg","width":1920,"height":1080},{"@type":"BreadcrumbList","@id":"https:\/\/herzog-friedrich.de\/cafe-garten\/#breadcrumb","itemListElement":[{"@type":"ListItem","position":1,"name":"Startseite","item":"https:\/\/herzog-friedrich.de\/"},{"@type":"ListItem","position":2,"name":"Garten"}]},{"@type":"WebSite","@id":"https:\/\/herzog-friedrich.de\/#website","url":"https:\/\/herzog-friedrich.de\/","name":"Hotel Herzog Friedrich","description":"&quot;Det er alt g\u00e6stfrihed dybeste betyder, at vi giver p\u00e5 vej til den evige hjemmeholdets fangst.&quot;","publisher":{"@id":"https:\/\/herzog-friedrich.de\/#organization"},"potentialAction":[{"@type":"SearchAction","target":{"@type":"EntryPoint","urlTemplate":"https:\/\/herzog-friedrich.de\/?s={search_term_string}"},"query-input":{"@type":"PropertyValueSpecification","valueRequired":true,"valueName":"search_term_string"}}],"inLanguage":"da-DK"},{"@type":"Organization","@id":"https:\/\/herzog-friedrich.de\/#organization","name":"Hotel Herzog Friedrich","url":"https:\/\/herzog-friedrich.de\/","logo":{"@type":"ImageObject","inLanguage":"da-DK","@id":"https:\/\/herzog-friedrich.de\/#\/schema\/logo\/image\/","url":"https:\/\/herzog-friedrich.de\/wp-content\/uploads\/2016\/05\/cropped-hotel-herzog-friedrich-1.png","contentUrl":"https:\/\/herzog-friedrich.de\/wp-content\/uploads\/2016\/05\/cropped-hotel-herzog-friedrich-1.png","width":145,"height":202,"caption":"Hotel Herzog Friedrich"},"image":{"@id":"https:\/\/herzog-friedrich.de\/#\/schema\/logo\/image\/"}},{"@type":"Person","@id":"https:\/\/herzog-friedrich.de\/#\/schema\/person\/9395c5f931a823c1845ff65b42f30d12","name":"ahrens@new-media-works.de","url":"https:\/\/herzog-friedrich.de\/da\/author\/admin_nmw\/"}]}},"_links":{"self":[{"href":"https:\/\/herzog-friedrich.de\/da\/wp-json\/wp\/v2\/pages\/10","targetHints":{"allow":["GET"]}}],"collection":[{"href":"https:\/\/herzog-friedrich.de\/da\/wp-json\/wp\/v2\/pages"}],"about":[{"href":"https:\/\/herzog-friedrich.de\/da\/wp-json\/wp\/v2\/types\/page"}],"author":[{"embeddable":true,"href":"https:\/\/herzog-friedrich.de\/da\/wp-json\/wp\/v2\/users\/1"}],"replies":[{"embeddable":true,"href":"https:\/\/herzog-friedrich.de\/da\/wp-json\/wp\/v2\/comments?post=10"}],"version-history":[{"count":10,"href":"https:\/\/herzog-friedrich.de\/da\/wp-json\/wp\/v2\/pages\/10\/revisions"}],"predecessor-version":[{"id":1048,"href":"https:\/\/herzog-friedrich.de\/da\/wp-json\/wp\/v2\/pages\/10\/revisions\/1048"}],"wp:featuredmedia":[{"embeddable":true,"href":"https:\/\/herzog-friedrich.de\/da\/wp-json\/wp\/v2\/media\/13"}],"wp:attachment":[{"href":"https:\/\/herzog-friedrich.de\/da\/wp-json\/wp\/v2\/media?parent=10"}],"curies":[{"name":"wp","href":"https:\/\/api.w.org\/{rel}","templated":true}]}}